{"id":3232,"date":"2023-08-29T10:26:56","date_gmt":"2023-08-29T08:26:56","guid":{"rendered":"https:\/\/acorpsdetoi.fr\/?page_id=3232"},"modified":"2026-03-11T13:51:04","modified_gmt":"2026-03-11T12:51:04","slug":"stages","status":"publish","type":"page","link":"https:\/\/acorpsdetoi.fr\/index.php\/stages\/","title":{"rendered":"STAGES"},"content":{"rendered":"\t\t<div data-elementor-type=\"wp-page\" data-elementor-id=\"3232\" class=\"elementor elementor-3232\">\n\t\t\t\t<div class=\"elementor-element elementor-element-781dedf e-flex e-con-boxed e-con e-parent\" data-id=\"781dedf\" data-element_type=\"container\">\n\t\t\t\t\t<div class=\"e-con-inner\">\n\t\t\t\t<div class=\"elementor-element elementor-element-c9bdddf elementor-widget elementor-widget-heading\" data-id=\"c9bdddf\" data-element_type=\"widget\" data-widget_type=\"heading.default\">\n\t\t\t\t\t<h2 class=\"elementor-heading-title elementor-size-default\">Stages de Danse Biodynamique \u2013 Une rencontre avec soi par le mouvement<\/h2>\t\t\t\t<\/div>\n\t\t\t\t<div class=\"elementor-element elementor-element-60282f8 elementor-widget elementor-widget-text-editor\" data-id=\"60282f8\" data-element_type=\"widget\" data-widget_type=\"text-editor.default\">\n\t\t\t\t\t\t\t\t\t<p><span style=\"font-weight: 400;\">La danse biodynamique est une invitation \u00e0 \u00e9couter le corps, \u00e0 se reconnecter \u00e0 son \u00e9nergie vitale et \u00e0 vivre une exp\u00e9rience de transformation par le mouvement. Que ce soit le temps d\u2019une journ\u00e9e ou d\u2019un week-end, je vous propose un espace bienveillant pour explorer, respirer et danser.<\/span><\/p>\t\t\t\t\t\t\t\t<\/div>\n\t\t\t\t<div class=\"elementor-element elementor-element-716807f elementor-align-center elementor-widget elementor-widget-button\" data-id=\"716807f\" data-element_type=\"widget\" data-widget_type=\"button.default\">\n\t\t\t\t\t\t\t\t\t\t<a class=\"elementor-button elementor-button-link elementor-size-sm\" href=\"https:\/\/acorpsdetoi.fr\/index.php\/contact\/\">\n\t\t\t\t\t\t<span class=\"elementor-button-content-wrapper\">\n\t\t\t\t\t\t<span class=\"elementor-button-icon\">\n\t\t\t\t<svg aria-hidden=\"true\" class=\"e-font-icon-svg e-fas-arrow-right\" viewBox=\"0 0 448 512\" xmlns=\"http:\/\/www.w3.org\/2000\/svg\"><path d=\"M190.5 66.9l22.2-22.2c9.4-9.4 24.6-9.4 33.9 0L441 239c9.4 9.4 9.4 24.6 0 33.9L246.6 467.3c-9.4 9.4-24.6 9.4-33.9 0l-22.2-22.2c-9.5-9.5-9.3-25 .4-34.3L311.4 296H24c-13.3 0-24-10.7-24-24v-32c0-13.3 10.7-24 24-24h287.4L190.9 101.2c-9.8-9.3-10-24.8-.4-34.3z\"><\/path><\/svg>\t\t\t<\/span>\n\t\t\t\t\t\t\t\t\t<span class=\"elementor-button-text\">Je m'inscrit au stage<\/span>\n\t\t\t\t\t<\/span>\n\t\t\t\t\t<\/a>\n\t\t\t\t\t\t\t\t<\/div>\n\t\t\t\t<div class=\"elementor-element elementor-element-8bb3af8 elementor-widget elementor-widget-spacer\" data-id=\"8bb3af8\" data-element_type=\"widget\" data-widget_type=\"spacer.default\">\n\t\t\t\t\t\t\t<div class=\"elementor-spacer\">\n\t\t\t<div class=\"elementor-spacer-inner\"><\/div>\n\t\t<\/div>\n\t\t\t\t\t\t<\/div>\n\t\t\t\t\t<\/div>\n\t\t\t\t<\/div>\n\t\t<div class=\"elementor-element elementor-element-43b64ba e-con-full e-flex elementor-invisible e-con e-parent\" data-id=\"43b64ba\" data-element_type=\"container\" data-settings=\"{&quot;animation&quot;:&quot;rotateIn&quot;}\">\n\t\t<div class=\"elementor-element elementor-element-508837b e-con-full e-flex e-con e-child\" data-id=\"508837b\" data-element_type=\"container\">\n\t\t\t\t<div class=\"elementor-element elementor-element-981bae2 elementor-widget elementor-widget-image\" data-id=\"981bae2\" data-element_type=\"widget\" data-widget_type=\"image.default\">\n\t\t\t\t\t\t\t\t\t\t\t\t\t\t\t<img decoding=\"async\" src=\"https:\/\/acorpsdetoi.fr\/wp-content\/uploads\/elementor\/thumbs\/IMG20240707161056-scaled-r9l1lcsnglfpqijblfxcbz9vyar69j1fzkydw0nedk.jpg\" title=\"IMG20240707161056\" alt=\"Danse Biodynamique, corps en mouvement, respirer, fluidit\u00e9, l\u00e9g\u00e8ret\u00e9, ralentir, libert\u00e9, se lib\u00e9rer, pause dans ton quotidien, danse, atelier collectif, atelier duo, atelier individuel, atelier \u00e0 th\u00e8me, stage, valencin, saint just chaleyssin, a corps de toi, is\u00e8re, lyon, Danse Biodynamique, corps en mouvement, respirer, respiration, corps d\u00e9li\u00e9, fluidit\u00e9, l\u00e9g\u00e8ret\u00e9, ralentir, libert\u00e9, se lib\u00e9rer, pause dans ton quotidien, danse, danse, danse, faire circuler la vie, \u00e9nergiser son corps, coeur l\u00e9ger, corps fluide, esprit apais\u00e9, s\u00e9ance individuelle, valencin, saint just chaleyssin, a corps de toi, is\u00e8re, lyon, nord is\u00e8re, vienne, bourgoin jallieu, gestion des emotions nature bassin nature dr\u00f4me week-end \u00e9vasion\" loading=\"lazy\" \/>\t\t\t\t\t\t\t\t\t\t\t\t\t\t\t<\/div>\n\t\t\t\t<div class=\"elementor-element elementor-element-9b4d008 elementor-widget elementor-widget-heading\" data-id=\"9b4d008\" data-element_type=\"widget\" data-widget_type=\"heading.default\">\n\t\t\t\t\t<h2 class=\"elementor-heading-title elementor-size-default\">Stages \u00e0 la journ\u00e9e<\/h2>\t\t\t\t<\/div>\n\t\t\t\t<div class=\"elementor-element elementor-element-c7bc0e5 elementor-widget elementor-widget-text-editor\" data-id=\"c7bc0e5\" data-element_type=\"widget\" data-widget_type=\"text-editor.default\">\n\t\t\t\t\t\t\t\t\t<p><span style=\"text-decoration: underline;\">Th\u00e8mes :\u00a0<\/span><br \/>Peur et ancrage, <br \/>apprivoiser son hypersensibilit\u00e9<br \/>\u00a0<\/p>\t\t\t\t\t\t\t\t<\/div>\n\t\t\t\t<div class=\"elementor-element elementor-element-1ba23fd elementor-align-center elementor-widget elementor-widget-button\" data-id=\"1ba23fd\" data-element_type=\"widget\" data-widget_type=\"button.default\">\n\t\t\t\t\t\t\t\t\t\t<a class=\"elementor-button elementor-button-link elementor-size-sm\" href=\"https:\/\/acorpsdetoi.fr\/index.php\/stage-journee\/\">\n\t\t\t\t\t\t<span class=\"elementor-button-content-wrapper\">\n\t\t\t\t\t\t<span class=\"elementor-button-icon\">\n\t\t\t\t<svg aria-hidden=\"true\" class=\"e-font-icon-svg e-fas-arrow-right\" viewBox=\"0 0 448 512\" xmlns=\"http:\/\/www.w3.org\/2000\/svg\"><path d=\"M190.5 66.9l22.2-22.2c9.4-9.4 24.6-9.4 33.9 0L441 239c9.4 9.4 9.4 24.6 0 33.9L246.6 467.3c-9.4 9.4-24.6 9.4-33.9 0l-22.2-22.2c-9.5-9.5-9.3-25 .4-34.3L311.4 296H24c-13.3 0-24-10.7-24-24v-32c0-13.3 10.7-24 24-24h287.4L190.9 101.2c-9.8-9.3-10-24.8-.4-34.3z\"><\/path><\/svg>\t\t\t<\/span>\n\t\t\t\t\t\t\t\t\t<span class=\"elementor-button-text\">Je d\u00e9couvre<\/span>\n\t\t\t\t\t<\/span>\n\t\t\t\t\t<\/a>\n\t\t\t\t\t\t\t\t<\/div>\n\t\t\t\t<\/div>\n\t\t<div class=\"elementor-element elementor-element-347cf1c e-con-full e-flex e-con e-child\" data-id=\"347cf1c\" data-element_type=\"container\">\n\t\t\t\t<div class=\"elementor-element elementor-element-c51f7a2 elementor-widget elementor-widget-image\" data-id=\"c51f7a2\" data-element_type=\"widget\" data-widget_type=\"image.default\">\n\t\t\t\t\t\t\t\t\t\t\t\t\t\t\t<img decoding=\"async\" src=\"https:\/\/acorpsdetoi.fr\/wp-content\/uploads\/elementor\/thumbs\/20240706_182307-scaled-r9l1ji23zcwcu789f52twy45rxw430oi2emwtdecnc.jpg\" title=\"20240706_182307\" alt=\"Danse Biodynamique, corps en mouvement, respirer, fluidit\u00e9, l\u00e9g\u00e8ret\u00e9, ralentir, libert\u00e9, se lib\u00e9rer, pause dans ton quotidien, danse, atelier collectif, atelier duo, atelier individuel, atelier \u00e0 th\u00e8me, stage, valencin, saint just chaleyssin, a corps de toi, is\u00e8re, lyon, Danse Biodynamique, corps en mouvement, respirer, respiration, corps d\u00e9li\u00e9, fluidit\u00e9, l\u00e9g\u00e8ret\u00e9, ralentir, libert\u00e9, se lib\u00e9rer, pause dans ton quotidien, danse, danse, danse, faire circuler la vie, \u00e9nergiser son corps, coeur l\u00e9ger, corps fluide, esprit apais\u00e9, s\u00e9ance individuelle, valencin, saint just chaleyssin, a corps de toi, is\u00e8re, lyon, nord is\u00e8re, vienne, bourgoin jallieu, gestion des emotions nature bassin nature dr\u00f4me week-end \u00e9vasion\" loading=\"lazy\" \/>\t\t\t\t\t\t\t\t\t\t\t\t\t\t\t<\/div>\n\t\t\t\t<div class=\"elementor-element elementor-element-866562e elementor-widget elementor-widget-heading\" data-id=\"866562e\" data-element_type=\"widget\" data-widget_type=\"heading.default\">\n\t\t\t\t\t<h2 class=\"elementor-heading-title elementor-size-default\">Stages au week-end<\/h2>\t\t\t\t<\/div>\n\t\t\t\t<div class=\"elementor-element elementor-element-4108fce elementor-widget elementor-widget-text-editor\" data-id=\"4108fce\" data-element_type=\"widget\" data-widget_type=\"text-editor.default\">\n\t\t\t\t\t\t\t\t\t<p><span style=\"font-weight: 400;\"><span style=\"text-decoration: underline;\">Th\u00e8mes<\/span> : <br \/>Racine perch\u00e9e, <br \/>dodecadome, <br \/>mikinac.<\/span><\/p>\t\t\t\t\t\t\t\t<\/div>\n\t\t\t\t<div class=\"elementor-element elementor-element-912335a elementor-align-center elementor-widget elementor-widget-button\" data-id=\"912335a\" data-element_type=\"widget\" data-widget_type=\"button.default\">\n\t\t\t\t\t\t\t\t\t\t<a class=\"elementor-button elementor-button-link elementor-size-sm\" href=\"https:\/\/acorpsdetoi.fr\/index.php\/stage-week-end\/\">\n\t\t\t\t\t\t<span class=\"elementor-button-content-wrapper\">\n\t\t\t\t\t\t<span class=\"elementor-button-icon\">\n\t\t\t\t<svg aria-hidden=\"true\" class=\"e-font-icon-svg e-fas-arrow-right\" viewBox=\"0 0 448 512\" xmlns=\"http:\/\/www.w3.org\/2000\/svg\"><path d=\"M190.5 66.9l22.2-22.2c9.4-9.4 24.6-9.4 33.9 0L441 239c9.4 9.4 9.4 24.6 0 33.9L246.6 467.3c-9.4 9.4-24.6 9.4-33.9 0l-22.2-22.2c-9.5-9.5-9.3-25 .4-34.3L311.4 296H24c-13.3 0-24-10.7-24-24v-32c0-13.3 10.7-24 24-24h287.4L190.9 101.2c-9.8-9.3-10-24.8-.4-34.3z\"><\/path><\/svg>\t\t\t<\/span>\n\t\t\t\t\t\t\t\t\t<span class=\"elementor-button-text\">Je d\u00e9couvre <\/span>\n\t\t\t\t\t<\/span>\n\t\t\t\t\t<\/a>\n\t\t\t\t\t\t\t\t<\/div>\n\t\t\t\t<\/div>\n\t\t\t\t<\/div>\n\t\t<div class=\"elementor-element elementor-element-970541c e-flex e-con-boxed e-con e-parent\" data-id=\"970541c\" data-element_type=\"container\">\n\t\t\t\t\t<div class=\"e-con-inner\">\n\t\t\t\t<div class=\"elementor-element elementor-element-a1fc71f elementor-widget elementor-widget-spacer\" data-id=\"a1fc71f\" data-element_type=\"widget\" data-widget_type=\"spacer.default\">\n\t\t\t\t\t\t\t<div class=\"elementor-spacer\">\n\t\t\t<div class=\"elementor-spacer-inner\"><\/div>\n\t\t<\/div>\n\t\t\t\t\t\t<\/div>\n\t\t\t\t\t<\/div>\n\t\t\t\t<\/div>\n\t\t<div class=\"elementor-element elementor-element-07593b0 e-flex e-con-boxed e-con e-parent\" data-id=\"07593b0\" data-element_type=\"container\">\n\t\t\t\t\t<div class=\"e-con-inner\">\n\t\t\t\t<div class=\"elementor-element elementor-element-2c0e215 elementor-widget elementor-widget-heading\" data-id=\"2c0e215\" data-element_type=\"widget\" data-widget_type=\"heading.default\">\n\t\t\t\t\t<h2 class=\"elementor-heading-title elementor-size-default\">Les bienfaits et intentions des stages<\/h2>\t\t\t\t<\/div>\n\t\t\t\t<div class=\"elementor-element elementor-element-a96d007 elementor-widget elementor-widget-text-editor\" data-id=\"a96d007\" data-element_type=\"widget\" data-widget_type=\"text-editor.default\">\n\t\t\t\t\t\t\t\t\t<p><span style=\"font-weight: 400;\">D\u00e9connexion du mental, retour au corps<\/span><\/p><p><span style=\"font-weight: 400;\">Lib\u00e9ration des tensions<\/span><\/p><p><span style=\"font-weight: 400;\">\u00c9nergie, cr\u00e9ativit\u00e9, spontan\u00e9it\u00e9<\/span><\/p><p><span style=\"font-weight: 400;\">Partage en groupe, convivialit\u00e9<\/span><\/p>\t\t\t\t\t\t\t\t<\/div>\n\t\t\t\t\t<\/div>\n\t\t\t\t<\/div>\n\t\t\t\t<\/div>\n\t\t","protected":false},"excerpt":{"rendered":"<p>Stages de Danse Biodynamique \u2013 Une rencontre avec soi par le mouvement La danse biodynamique est une invitation \u00e0 \u00e9couter le corps, \u00e0 se reconnecter \u00e0 son \u00e9nergie vitale et \u00e0 vivre une exp\u00e9rience de transformation par le mouvement. Que ce soit le temps d\u2019une journ\u00e9e ou d\u2019un week-end, je vous propose un espace bienveillant pour explorer, respirer et danser. [&hellip;]<\/p>\n","protected":false},"author":1,"featured_media":0,"parent":0,"menu_order":0,"comment_status":"closed","ping_status":"closed","template":"","meta":{"footnotes":""},"class_list":["post-3232","page","type-page","status-publish","hentry"],"yoast_head":"<!-- This site is optimized with the Yoast SEO plugin v26.0 - https:\/\/yoast.com\/wordpress\/plugins\/seo\/ -->\n<title>STAGES -<\/title>\n<meta name=\"description\" content=\"Participez aux stages bien-\u00eatre de \u00c0 Corps de Toi en Is\u00e8re poche de Lyon, \u00e0 la journ\u00e9e ou au week-end. Tout pour harmoniser corps et esprit.\" \/>\n<meta name=\"robots\" content=\"index, follow, max-snippet:-1, max-image-preview:large, max-video-preview:-1\" \/>\n<link rel=\"canonical\" href=\"https:\/\/acorpsdetoi.fr\/index.php\/stages\/\" \/>\n<meta property=\"og:locale\" content=\"fr_FR\" \/>\n<meta property=\"og:type\" content=\"article\" \/>\n<meta property=\"og:title\" content=\"STAGES -\" \/>\n<meta property=\"og:description\" content=\"Participez aux stages bien-\u00eatre de \u00c0 Corps de Toi en Is\u00e8re poche de Lyon, \u00e0 la journ\u00e9e ou au week-end. Tout pour harmoniser corps et esprit.\" \/>\n<meta property=\"og:url\" content=\"https:\/\/acorpsdetoi.fr\/index.php\/stages\/\" \/>\n<meta property=\"article:modified_time\" content=\"2026-03-11T12:51:04+00:00\" \/>\n<meta property=\"og:image\" content=\"https:\/\/acorpsdetoi.fr\/wp-content\/uploads\/elementor\/thumbs\/IMG20240707161056-scaled-r9l1lcsnglfpqijblfxcbz9vyar69j1fzkydw0nedk.jpg\" \/>\n<meta name=\"twitter:card\" content=\"summary_large_image\" \/>\n<meta name=\"twitter:label1\" content=\"Dur\u00e9e de lecture estim\u00e9e\" \/>\n\t<meta name=\"twitter:data1\" content=\"1 minute\" \/>\n<script type=\"application\/ld+json\" class=\"yoast-schema-graph\">{\"@context\":\"https:\/\/schema.org\",\"@graph\":[{\"@type\":\"WebPage\",\"@id\":\"https:\/\/acorpsdetoi.fr\/index.php\/stages\/\",\"url\":\"https:\/\/acorpsdetoi.fr\/index.php\/stages\/\",\"name\":\"STAGES -\",\"isPartOf\":{\"@id\":\"https:\/\/acorpsdetoi.fr\/#website\"},\"primaryImageOfPage\":{\"@id\":\"https:\/\/acorpsdetoi.fr\/index.php\/stages\/#primaryimage\"},\"image\":{\"@id\":\"https:\/\/acorpsdetoi.fr\/index.php\/stages\/#primaryimage\"},\"thumbnailUrl\":\"https:\/\/acorpsdetoi.fr\/wp-content\/uploads\/elementor\/thumbs\/IMG20240707161056-scaled-r9l1lcsnglfpqijblfxcbz9vyar69j1fzkydw0nedk.jpg\",\"datePublished\":\"2023-08-29T08:26:56+00:00\",\"dateModified\":\"2026-03-11T12:51:04+00:00\",\"description\":\"Participez aux stages bien-\u00eatre de \u00c0 Corps de Toi en Is\u00e8re poche de Lyon, \u00e0 la journ\u00e9e ou au week-end. Tout pour harmoniser corps et esprit.\",\"breadcrumb\":{\"@id\":\"https:\/\/acorpsdetoi.fr\/index.php\/stages\/#breadcrumb\"},\"inLanguage\":\"fr-FR\",\"potentialAction\":[{\"@type\":\"ReadAction\",\"target\":[\"https:\/\/acorpsdetoi.fr\/index.php\/stages\/\"]}]},{\"@type\":\"ImageObject\",\"inLanguage\":\"fr-FR\",\"@id\":\"https:\/\/acorpsdetoi.fr\/index.php\/stages\/#primaryimage\",\"url\":\"https:\/\/acorpsdetoi.fr\/wp-content\/uploads\/elementor\/thumbs\/IMG20240707161056-scaled-r9l1lcsnglfpqijblfxcbz9vyar69j1fzkydw0nedk.jpg\",\"contentUrl\":\"https:\/\/acorpsdetoi.fr\/wp-content\/uploads\/elementor\/thumbs\/IMG20240707161056-scaled-r9l1lcsnglfpqijblfxcbz9vyar69j1fzkydw0nedk.jpg\"},{\"@type\":\"BreadcrumbList\",\"@id\":\"https:\/\/acorpsdetoi.fr\/index.php\/stages\/#breadcrumb\",\"itemListElement\":[{\"@type\":\"ListItem\",\"position\":1,\"name\":\"Accueil\",\"item\":\"https:\/\/acorpsdetoi.fr\/\"},{\"@type\":\"ListItem\",\"position\":2,\"name\":\"STAGES\"}]},{\"@type\":\"WebSite\",\"@id\":\"https:\/\/acorpsdetoi.fr\/#website\",\"url\":\"https:\/\/acorpsdetoi.fr\/\",\"name\":\"\u00c0 Corps de Toi\",\"description\":\"\",\"publisher\":{\"@id\":\"https:\/\/acorpsdetoi.fr\/#organization\"},\"potentialAction\":[{\"@type\":\"SearchAction\",\"target\":{\"@type\":\"EntryPoint\",\"urlTemplate\":\"https:\/\/acorpsdetoi.fr\/?s={search_term_string}\"},\"query-input\":{\"@type\":\"PropertyValueSpecification\",\"valueRequired\":true,\"valueName\":\"search_term_string\"}}],\"inLanguage\":\"fr-FR\"},{\"@type\":\"Organization\",\"@id\":\"https:\/\/acorpsdetoi.fr\/#organization\",\"name\":\"\u00c0 Corps de Toi\",\"url\":\"https:\/\/acorpsdetoi.fr\/\",\"logo\":{\"@type\":\"ImageObject\",\"inLanguage\":\"fr-FR\",\"@id\":\"https:\/\/acorpsdetoi.fr\/#\/schema\/logo\/image\/\",\"url\":\"https:\/\/acorpsdetoi.fr\/wp-content\/uploads\/2024\/08\/cropped-Logo-ACdT-noir.png\",\"contentUrl\":\"https:\/\/acorpsdetoi.fr\/wp-content\/uploads\/2024\/08\/cropped-Logo-ACdT-noir.png\",\"width\":512,\"height\":512,\"caption\":\"\u00c0 Corps de Toi\"},\"image\":{\"@id\":\"https:\/\/acorpsdetoi.fr\/#\/schema\/logo\/image\/\"}}]}<\/script>\n<!-- \/ Yoast SEO plugin. -->","yoast_head_json":{"title":"STAGES -","description":"Participez aux stages bien-\u00eatre de \u00c0 Corps de Toi en Is\u00e8re poche de Lyon, \u00e0 la journ\u00e9e ou au week-end. Tout pour harmoniser corps et esprit.","robots":{"index":"index","follow":"follow","max-snippet":"max-snippet:-1","max-image-preview":"max-image-preview:large","max-video-preview":"max-video-preview:-1"},"canonical":"https:\/\/acorpsdetoi.fr\/index.php\/stages\/","og_locale":"fr_FR","og_type":"article","og_title":"STAGES -","og_description":"Participez aux stages bien-\u00eatre de \u00c0 Corps de Toi en Is\u00e8re poche de Lyon, \u00e0 la journ\u00e9e ou au week-end. Tout pour harmoniser corps et esprit.","og_url":"https:\/\/acorpsdetoi.fr\/index.php\/stages\/","article_modified_time":"2026-03-11T12:51:04+00:00","og_image":[{"url":"https:\/\/acorpsdetoi.fr\/wp-content\/uploads\/elementor\/thumbs\/IMG20240707161056-scaled-r9l1lcsnglfpqijblfxcbz9vyar69j1fzkydw0nedk.jpg","type":"","width":"","height":""}],"twitter_card":"summary_large_image","twitter_misc":{"Dur\u00e9e de lecture estim\u00e9e":"1 minute"},"schema":{"@context":"https:\/\/schema.org","@graph":[{"@type":"WebPage","@id":"https:\/\/acorpsdetoi.fr\/index.php\/stages\/","url":"https:\/\/acorpsdetoi.fr\/index.php\/stages\/","name":"STAGES -","isPartOf":{"@id":"https:\/\/acorpsdetoi.fr\/#website"},"primaryImageOfPage":{"@id":"https:\/\/acorpsdetoi.fr\/index.php\/stages\/#primaryimage"},"image":{"@id":"https:\/\/acorpsdetoi.fr\/index.php\/stages\/#primaryimage"},"thumbnailUrl":"https:\/\/acorpsdetoi.fr\/wp-content\/uploads\/elementor\/thumbs\/IMG20240707161056-scaled-r9l1lcsnglfpqijblfxcbz9vyar69j1fzkydw0nedk.jpg","datePublished":"2023-08-29T08:26:56+00:00","dateModified":"2026-03-11T12:51:04+00:00","description":"Participez aux stages bien-\u00eatre de \u00c0 Corps de Toi en Is\u00e8re poche de Lyon, \u00e0 la journ\u00e9e ou au week-end. Tout pour harmoniser corps et esprit.","breadcrumb":{"@id":"https:\/\/acorpsdetoi.fr\/index.php\/stages\/#breadcrumb"},"inLanguage":"fr-FR","potentialAction":[{"@type":"ReadAction","target":["https:\/\/acorpsdetoi.fr\/index.php\/stages\/"]}]},{"@type":"ImageObject","inLanguage":"fr-FR","@id":"https:\/\/acorpsdetoi.fr\/index.php\/stages\/#primaryimage","url":"https:\/\/acorpsdetoi.fr\/wp-content\/uploads\/elementor\/thumbs\/IMG20240707161056-scaled-r9l1lcsnglfpqijblfxcbz9vyar69j1fzkydw0nedk.jpg","contentUrl":"https:\/\/acorpsdetoi.fr\/wp-content\/uploads\/elementor\/thumbs\/IMG20240707161056-scaled-r9l1lcsnglfpqijblfxcbz9vyar69j1fzkydw0nedk.jpg"},{"@type":"BreadcrumbList","@id":"https:\/\/acorpsdetoi.fr\/index.php\/stages\/#breadcrumb","itemListElement":[{"@type":"ListItem","position":1,"name":"Accueil","item":"https:\/\/acorpsdetoi.fr\/"},{"@type":"ListItem","position":2,"name":"STAGES"}]},{"@type":"WebSite","@id":"https:\/\/acorpsdetoi.fr\/#website","url":"https:\/\/acorpsdetoi.fr\/","name":"\u00c0 Corps de Toi","description":"","publisher":{"@id":"https:\/\/acorpsdetoi.fr\/#organization"},"potentialAction":[{"@type":"SearchAction","target":{"@type":"EntryPoint","urlTemplate":"https:\/\/acorpsdetoi.fr\/?s={search_term_string}"},"query-input":{"@type":"PropertyValueSpecification","valueRequired":true,"valueName":"search_term_string"}}],"inLanguage":"fr-FR"},{"@type":"Organization","@id":"https:\/\/acorpsdetoi.fr\/#organization","name":"\u00c0 Corps de Toi","url":"https:\/\/acorpsdetoi.fr\/","logo":{"@type":"ImageObject","inLanguage":"fr-FR","@id":"https:\/\/acorpsdetoi.fr\/#\/schema\/logo\/image\/","url":"https:\/\/acorpsdetoi.fr\/wp-content\/uploads\/2024\/08\/cropped-Logo-ACdT-noir.png","contentUrl":"https:\/\/acorpsdetoi.fr\/wp-content\/uploads\/2024\/08\/cropped-Logo-ACdT-noir.png","width":512,"height":512,"caption":"\u00c0 Corps de Toi"},"image":{"@id":"https:\/\/acorpsdetoi.fr\/#\/schema\/logo\/image\/"}}]}},"_links":{"self":[{"href":"https:\/\/acorpsdetoi.fr\/index.php\/wp-json\/wp\/v2\/pages\/3232","targetHints":{"allow":["GET"]}}],"collection":[{"href":"https:\/\/acorpsdetoi.fr\/index.php\/wp-json\/wp\/v2\/pages"}],"about":[{"href":"https:\/\/acorpsdetoi.fr\/index.php\/wp-json\/wp\/v2\/types\/page"}],"author":[{"embeddable":true,"href":"https:\/\/acorpsdetoi.fr\/index.php\/wp-json\/wp\/v2\/users\/1"}],"replies":[{"embeddable":true,"href":"https:\/\/acorpsdetoi.fr\/index.php\/wp-json\/wp\/v2\/comments?post=3232"}],"version-history":[{"count":51,"href":"https:\/\/acorpsdetoi.fr\/index.php\/wp-json\/wp\/v2\/pages\/3232\/revisions"}],"predecessor-version":[{"id":5995,"href":"https:\/\/acorpsdetoi.fr\/index.php\/wp-json\/wp\/v2\/pages\/3232\/revisions\/5995"}],"wp:attachment":[{"href":"https:\/\/acorpsdetoi.fr\/index.php\/wp-json\/wp\/v2\/media?parent=3232"}],"curies":[{"name":"wp","href":"https:\/\/api.w.org\/{rel}","templated":true}]}}