{"id":2862,"date":"2023-08-23T09:59:31","date_gmt":"2023-08-23T07:59:31","guid":{"rendered":"https:\/\/acorpsdetoi.fr\/?page_id=2862"},"modified":"2026-03-11T13:50:31","modified_gmt":"2026-03-11T12:50:31","slug":"qui-suis-je","status":"publish","type":"page","link":"https:\/\/acorpsdetoi.fr\/index.php\/qui-suis-je\/","title":{"rendered":"Qui suis-je ?"},"content":{"rendered":"\t\t<div data-elementor-type=\"wp-page\" data-elementor-id=\"2862\" class=\"elementor elementor-2862\">\n\t\t\t\t<div class=\"elementor-element elementor-element-b64c6df e-flex e-con-boxed elementor-invisible e-con e-parent\" data-id=\"b64c6df\" data-element_type=\"container\" data-settings=\"{&quot;animation&quot;:&quot;bounceInLeft&quot;}\">\n\t\t\t\t\t<div class=\"e-con-inner\">\n\t\t<div class=\"elementor-element elementor-element-9e79096 e-con-full e-flex e-con e-child\" data-id=\"9e79096\" data-element_type=\"container\">\n\t\t\t\t<div class=\"elementor-element elementor-element-0b495e7 elementor-widget elementor-widget-text-editor\" data-id=\"0b495e7\" data-element_type=\"widget\" data-widget_type=\"text-editor.default\">\n\t\t\t\t\t\t\t\t\t<p><strong>Je m\u2019appelle La\u00ebtitia, passionn\u00e9e de danse depuis l\u2019enfance, j\u2019ai eu la chance d\u2019explorer diff\u00e9rents univers : la danse classique, le modern jazz, le contemporain, le hip-hop ainsi que le fitness.<\/strong><\/p>\n<p><span style=\"font-weight: 400;\">J&rsquo;ai souffert de troubles du comportement alimentaire (TCA). La question de la nutrition est encore d\u00e9licate aujourd&rsquo;hui et clairement li\u00e9e \u00e0 mes \u00e9motions. Mais la diff\u00e9rence est que je suis \u00e0 l&rsquo;\u00e9coute de mes sensations et je m&rsquo;autorise \u00e0 les exprimer \u00e0 travers les outils qui me parlent. Et notamment, la Danse. Cela rend mon quotidien plus doux.<\/span><\/p>\n<p><span style=\"font-weight: 400;\">J&rsquo;ai \u00e9galement v\u00e9cu des blessures \u00e0 r\u00e9p\u00e9tition pendant des ann\u00e9es. \u00c0 force de ne pas les prendre en compte, c&rsquo;est comme si \u00ab\u00a0la vie\u00a0\u00bb me faisait exp\u00e9rimenter de plus en plus fort. J&rsquo;ai d&rsquo;abord connu les bandages, les s\u00e9ances de r\u00e9\u00e9ducations, puis les op\u00e9rations, les centre de r\u00e9\u00e9ducation et &#8230; le burn-out. Les petits ralentissements successifs ont lentement gliss\u00e9 vers le coup d&rsquo;arr\u00eat brutal de mes vies professionnelle et personnelle, me for\u00e7ant \u00e0 prendre soin de moi et me soigner pendant plusieurs ann\u00e9es. L&rsquo;amour de la Danse et du Mouvement m&rsquo;a toujours port\u00e9 et aid\u00e9 lors de ma r\u00e9\u00e9ducation.<\/span><\/p>\n<p>En 2016, alors que Danser en contraignant mon Corps et ma T\u00eate n&rsquo;a plus de sens pour moi, je rencontre Rafael Baile et la Danse Biodynamique. Danser qui je suis, devient alors une \u00e9vidence.<\/p>\n<p>En attendant la prochaine session de formation, j&rsquo;obtiens en 2017 un D.U. en Pratiques de l&rsquo;\u00c9ducation Somatique \u00e0 l&rsquo;universit\u00e9 Lyon 1. J&rsquo;explore le Body Mind Centering (BMC), le Life Art Process, le Mouvement Authentique, le Feldenkrais. Un point commun : la Connexion \u00e0 soi. Se Nourrir de l&rsquo;int\u00e9rieur avant d&rsquo;aller vers l&rsquo;ext\u00e9rieur.<\/p>\t\t\t\t\t\t\t\t<\/div>\n\t\t\t\t<\/div>\n\t\t<div class=\"elementor-element elementor-element-839d176 e-con-full e-flex e-con e-child\" data-id=\"839d176\" data-element_type=\"container\">\n\t\t<div class=\"elementor-element elementor-element-3103348 e-con-full e-flex e-con e-child\" data-id=\"3103348\" data-element_type=\"container\">\n\t\t\t\t<div class=\"elementor-element elementor-element-5700c50 elementor-widget elementor-widget-image\" data-id=\"5700c50\" data-element_type=\"widget\" data-widget_type=\"image.default\">\n\t\t\t\t\t\t\t\t\t\t\t\t\t\t\t<img fetchpriority=\"high\" decoding=\"async\" width=\"585\" height=\"1080\" src=\"https:\/\/acorpsdetoi.fr\/wp-content\/uploads\/2025\/10\/Laeti-solo.png\" class=\"attachment-full size-full wp-image-5700\" alt=\"\u00c0 Corps de Toi, laetitia baudry, massage, bien-etre, danse biodynamique, valencin, st just chaleyssin, lyon, vienne, bourgoin, l&#039;isle d&#039;abeau\" srcset=\"https:\/\/acorpsdetoi.fr\/wp-content\/uploads\/2025\/10\/Laeti-solo.png 585w, https:\/\/acorpsdetoi.fr\/wp-content\/uploads\/2025\/10\/Laeti-solo-163x300.png 163w, https:\/\/acorpsdetoi.fr\/wp-content\/uploads\/2025\/10\/Laeti-solo-555x1024.png 555w\" sizes=\"(max-width: 585px) 100vw, 585px\" \/>\t\t\t\t\t\t\t\t\t\t\t\t\t\t\t<\/div>\n\t\t\t\t<\/div>\n\t\t\t\t<\/div>\n\t\t\t\t\t<\/div>\n\t\t\t\t<\/div>\n\t\t<div class=\"elementor-element elementor-element-76678ba e-flex e-con-boxed e-con e-parent\" data-id=\"76678ba\" data-element_type=\"container\">\n\t\t\t\t\t<div class=\"e-con-inner\">\n\t\t\t\t<div class=\"elementor-element elementor-element-d3441b8 elementor-widget-divider--view-line_text elementor-widget-divider--separator-type-pattern elementor-widget-divider--element-align-center elementor-widget elementor-widget-divider\" data-id=\"d3441b8\" data-element_type=\"widget\" data-widget_type=\"divider.default\">\n\t\t\t\t\t\t\t<div class=\"elementor-divider\" style=\"--divider-pattern-url: url(&quot;data:image\/svg+xml,%3Csvg xmlns=&#039;http:\/\/www.w3.org\/2000\/svg&#039; preserveAspectRatio=&#039;none&#039; overflow=&#039;visible&#039; height=&#039;100%&#039; viewBox=&#039;0 0 24 24&#039; fill=&#039;none&#039; stroke=&#039;black&#039; stroke-width=&#039;1&#039; stroke-linecap=&#039;square&#039; stroke-miterlimit=&#039;10&#039;%3E%3Cpath d=&#039;M0,6c6,0,0.9,11.1,6.9,11.1S18,6,24,6&#039;\/%3E%3C\/svg%3E&quot;);\">\n\t\t\t<span class=\"elementor-divider-separator\">\n\t\t\t\t\t\t\t<span class=\"elementor-divider__text elementor-divider__element\">\n\t\t\t\tLaisse ton corps choisir, il sait o\u00f9 il a besoin d'aller.\t\t\t\t<\/span>\n\t\t\t\t\t\t<\/span>\n\t\t<\/div>\n\t\t\t\t\t\t<\/div>\n\t\t\t\t\t<\/div>\n\t\t\t\t<\/div>\n\t\t<div class=\"elementor-element elementor-element-079989d e-flex e-con-boxed elementor-invisible e-con e-parent\" data-id=\"079989d\" data-element_type=\"container\" data-settings=\"{&quot;animation&quot;:&quot;bounceInRight&quot;}\">\n\t\t\t\t\t<div class=\"e-con-inner\">\n\t\t<div class=\"elementor-element elementor-element-11978e4 e-con-full e-flex e-con e-child\" data-id=\"11978e4\" data-element_type=\"container\">\n\t\t\t\t<div class=\"elementor-element elementor-element-a0445b0 elementor-widget elementor-widget-image\" data-id=\"a0445b0\" data-element_type=\"widget\" data-widget_type=\"image.default\">\n\t\t\t\t\t\t\t\t\t\t\t\t\t\t\t<img decoding=\"async\" width=\"720\" height=\"720\" src=\"https:\/\/acorpsdetoi.fr\/wp-content\/uploads\/2024\/03\/IMG_20240225_194353-1024x1024.jpg\" class=\"attachment-large size-large wp-image-3657\" alt=\"Danse Biodynamique, corps en mouvement, respirer, fluidit\u00e9, l\u00e9g\u00e8ret\u00e9, ralentir, libert\u00e9, se lib\u00e9rer, pause dans ton quotidien, danse, atelier collectif, atelier duo, atelier individuel, atelier \u00e0 th\u00e8me, stage, valencin, saint just chaleyssin, a corps de toi, is\u00e8re, lyon, respiration, corps d\u00e9li\u00e9, danse, faire circuler la vie, \u00e9nergiser son corps, coeur l\u00e9ger, corps fluide, esprit apais\u00e9, s\u00e9ance individuelle, valencin, saint just chaleyssin, a corps de toi, is\u00e8re, lyon, nord is\u00e8re, vienne, bourgoin jallieu, gestion des emotions\" srcset=\"https:\/\/acorpsdetoi.fr\/wp-content\/uploads\/2024\/03\/IMG_20240225_194353-1024x1024.jpg 1024w, https:\/\/acorpsdetoi.fr\/wp-content\/uploads\/2024\/03\/IMG_20240225_194353-300x300.jpg 300w, https:\/\/acorpsdetoi.fr\/wp-content\/uploads\/2024\/03\/IMG_20240225_194353-150x150.jpg 150w, https:\/\/acorpsdetoi.fr\/wp-content\/uploads\/2024\/03\/IMG_20240225_194353-768x768.jpg 768w, https:\/\/acorpsdetoi.fr\/wp-content\/uploads\/2024\/03\/IMG_20240225_194353.jpg 1080w\" sizes=\"(max-width: 720px) 100vw, 720px\" \/>\t\t\t\t\t\t\t\t\t\t\t\t\t\t\t<\/div>\n\t\t\t\t<\/div>\n\t\t<div class=\"elementor-element elementor-element-0ffa323 e-con-full e-flex e-con e-child\" data-id=\"0ffa323\" data-element_type=\"container\">\n\t\t\t\t<div class=\"elementor-element elementor-element-d4f88f4 elementor-widget elementor-widget-text-editor\" data-id=\"d4f88f4\" data-element_type=\"widget\" data-widget_type=\"text-editor.default\">\n\t\t\t\t\t\t\t\t\t<p class=\"p1\">En 2017, je me suis engag\u00e9e dans la formation de Praticienne en Mouvements et Danse Biodynamique aupr\u00e8s de Rafael Baile. Depuis 2019, je pratique pleinement cette approche et je poursuis r\u00e9guli\u00e8rement mes explorations avec Rafael tout au long de l\u2019ann\u00e9e.<\/p><p class=\"p1\">J\u2019anime des ateliers et des stages dans le Nord-Is\u00e8re, \u00e0 Valencin, Saint-Just-Chaleyssin et au Golf de L&rsquo;Isle d&rsquo;abeau \u00e0 seulement 25 minutes de Lyon, Vienne et Bourgoin-Jallieu.<\/p><p class=\"p1\">J\u2019aime voir les corps se lib\u00e9rer au fil des ateliers, les esprits s\u2019apaiser et les c\u0153urs s\u2019all\u00e9ger.<\/p><p class=\"p1\">En 2023, je me suis \u00e9galement form\u00e9e au Massage Soin Chong Mai. \u00c0 mi-chemin entre Orient et Occident, ce soin d\u20191h30 offre une profonde d\u00e9tente tout en permettant de retrouver son \u00c9nergie Vitale.<\/p><p class=\"p1\">Ces deux pratiques me permettent de t\u2019accompagner pleinement, en pla\u00e7ant ton corps au centre de ton bien-\u00eatre.<\/p>\t\t\t\t\t\t\t\t<\/div>\n\t\t\t\t<\/div>\n\t\t\t\t\t<\/div>\n\t\t\t\t<\/div>\n\t\t<div class=\"elementor-element elementor-element-84da280 e-flex e-con-boxed e-con e-parent\" data-id=\"84da280\" data-element_type=\"container\">\n\t\t\t\t\t<div class=\"e-con-inner\">\n\t\t\t\t<div class=\"elementor-element elementor-element-446c279 elementor-widget elementor-widget-text-editor\" data-id=\"446c279\" data-element_type=\"widget\" data-widget_type=\"text-editor.default\">\n\t\t\t\t\t\t\t\t\t<p>Laetitia\u00a0<\/p>\t\t\t\t\t\t\t\t<\/div>\n\t\t\t\t\t<\/div>\n\t\t\t\t<\/div>\n\t\t\t\t<\/div>\n\t\t","protected":false},"excerpt":{"rendered":"<p>Je m\u2019appelle La\u00ebtitia, passionn\u00e9e de danse depuis l\u2019enfance, j\u2019ai eu la chance d\u2019explorer diff\u00e9rents univers : la danse classique, le modern jazz, le contemporain, le hip-hop ainsi que le fitness. J&rsquo;ai souffert de troubles du comportement alimentaire (TCA). La question de la nutrition est encore d\u00e9licate aujourd&rsquo;hui et clairement li\u00e9e \u00e0 mes \u00e9motions. Mais la diff\u00e9rence est que je suis [&hellip;]<\/p>\n","protected":false},"author":1,"featured_media":0,"parent":0,"menu_order":0,"comment_status":"closed","ping_status":"closed","template":"","meta":{"footnotes":""},"class_list":["post-2862","page","type-page","status-publish","hentry"],"yoast_head":"<!-- This site is optimized with the Yoast SEO plugin v26.0 - https:\/\/yoast.com\/wordpress\/plugins\/seo\/ -->\n<title>Qui suis-je ? -<\/title>\n<meta name=\"description\" content=\"La\u00ebtitia, danseuse et praticienne en Mouvements et Danse Biodynamique dans le Nord-Is\u00e8re pour lib\u00e9rer le corps.\" \/>\n<meta name=\"robots\" content=\"index, follow, max-snippet:-1, max-image-preview:large, max-video-preview:-1\" \/>\n<link rel=\"canonical\" href=\"https:\/\/acorpsdetoi.fr\/index.php\/qui-suis-je\/\" \/>\n<meta property=\"og:locale\" content=\"fr_FR\" \/>\n<meta property=\"og:type\" content=\"article\" \/>\n<meta property=\"og:title\" content=\"Qui suis-je ? -\" \/>\n<meta property=\"og:description\" content=\"La\u00ebtitia, danseuse et praticienne en Mouvements et Danse Biodynamique dans le Nord-Is\u00e8re pour lib\u00e9rer le corps.\" \/>\n<meta property=\"og:url\" content=\"https:\/\/acorpsdetoi.fr\/index.php\/qui-suis-je\/\" \/>\n<meta property=\"article:modified_time\" content=\"2026-03-11T12:50:31+00:00\" \/>\n<meta property=\"og:image\" content=\"https:\/\/acorpsdetoi.fr\/wp-content\/uploads\/2025\/10\/Laeti-solo.png\" \/>\n\t<meta property=\"og:image:width\" content=\"585\" \/>\n\t<meta property=\"og:image:height\" content=\"1080\" \/>\n\t<meta property=\"og:image:type\" content=\"image\/png\" \/>\n<meta name=\"twitter:card\" content=\"summary_large_image\" \/>\n<meta name=\"twitter:label1\" content=\"Dur\u00e9e de lecture estim\u00e9e\" \/>\n\t<meta name=\"twitter:data1\" content=\"3 minutes\" \/>\n<script type=\"application\/ld+json\" class=\"yoast-schema-graph\">{\"@context\":\"https:\/\/schema.org\",\"@graph\":[{\"@type\":\"WebPage\",\"@id\":\"https:\/\/acorpsdetoi.fr\/index.php\/qui-suis-je\/\",\"url\":\"https:\/\/acorpsdetoi.fr\/index.php\/qui-suis-je\/\",\"name\":\"Qui suis-je ? -\",\"isPartOf\":{\"@id\":\"https:\/\/acorpsdetoi.fr\/#website\"},\"primaryImageOfPage\":{\"@id\":\"https:\/\/acorpsdetoi.fr\/index.php\/qui-suis-je\/#primaryimage\"},\"image\":{\"@id\":\"https:\/\/acorpsdetoi.fr\/index.php\/qui-suis-je\/#primaryimage\"},\"thumbnailUrl\":\"https:\/\/acorpsdetoi.fr\/wp-content\/uploads\/2025\/10\/Laeti-solo.png\",\"datePublished\":\"2023-08-23T07:59:31+00:00\",\"dateModified\":\"2026-03-11T12:50:31+00:00\",\"description\":\"La\u00ebtitia, danseuse et praticienne en Mouvements et Danse Biodynamique dans le Nord-Is\u00e8re pour lib\u00e9rer le corps.\",\"breadcrumb\":{\"@id\":\"https:\/\/acorpsdetoi.fr\/index.php\/qui-suis-je\/#breadcrumb\"},\"inLanguage\":\"fr-FR\",\"potentialAction\":[{\"@type\":\"ReadAction\",\"target\":[\"https:\/\/acorpsdetoi.fr\/index.php\/qui-suis-je\/\"]}]},{\"@type\":\"ImageObject\",\"inLanguage\":\"fr-FR\",\"@id\":\"https:\/\/acorpsdetoi.fr\/index.php\/qui-suis-je\/#primaryimage\",\"url\":\"https:\/\/acorpsdetoi.fr\/wp-content\/uploads\/2025\/10\/Laeti-solo.png\",\"contentUrl\":\"https:\/\/acorpsdetoi.fr\/wp-content\/uploads\/2025\/10\/Laeti-solo.png\",\"width\":585,\"height\":1080,\"caption\":\"\u00c0 Corps de Toi, laetitia baudry, massage, bien-etre, danse biodynamique, valencin, st just chaleyssin, lyon, vienne, bourgoin, l'isle d'abeau\"},{\"@type\":\"BreadcrumbList\",\"@id\":\"https:\/\/acorpsdetoi.fr\/index.php\/qui-suis-je\/#breadcrumb\",\"itemListElement\":[{\"@type\":\"ListItem\",\"position\":1,\"name\":\"Accueil\",\"item\":\"https:\/\/acorpsdetoi.fr\/\"},{\"@type\":\"ListItem\",\"position\":2,\"name\":\"Qui suis-je ?\"}]},{\"@type\":\"WebSite\",\"@id\":\"https:\/\/acorpsdetoi.fr\/#website\",\"url\":\"https:\/\/acorpsdetoi.fr\/\",\"name\":\"\u00c0 Corps de Toi\",\"description\":\"\",\"publisher\":{\"@id\":\"https:\/\/acorpsdetoi.fr\/#organization\"},\"potentialAction\":[{\"@type\":\"SearchAction\",\"target\":{\"@type\":\"EntryPoint\",\"urlTemplate\":\"https:\/\/acorpsdetoi.fr\/?s={search_term_string}\"},\"query-input\":{\"@type\":\"PropertyValueSpecification\",\"valueRequired\":true,\"valueName\":\"search_term_string\"}}],\"inLanguage\":\"fr-FR\"},{\"@type\":\"Organization\",\"@id\":\"https:\/\/acorpsdetoi.fr\/#organization\",\"name\":\"\u00c0 Corps de Toi\",\"url\":\"https:\/\/acorpsdetoi.fr\/\",\"logo\":{\"@type\":\"ImageObject\",\"inLanguage\":\"fr-FR\",\"@id\":\"https:\/\/acorpsdetoi.fr\/#\/schema\/logo\/image\/\",\"url\":\"https:\/\/acorpsdetoi.fr\/wp-content\/uploads\/2024\/08\/cropped-Logo-ACdT-noir.png\",\"contentUrl\":\"https:\/\/acorpsdetoi.fr\/wp-content\/uploads\/2024\/08\/cropped-Logo-ACdT-noir.png\",\"width\":512,\"height\":512,\"caption\":\"\u00c0 Corps de Toi\"},\"image\":{\"@id\":\"https:\/\/acorpsdetoi.fr\/#\/schema\/logo\/image\/\"}}]}<\/script>\n<!-- \/ Yoast SEO plugin. -->","yoast_head_json":{"title":"Qui suis-je ? -","description":"La\u00ebtitia, danseuse et praticienne en Mouvements et Danse Biodynamique dans le Nord-Is\u00e8re pour lib\u00e9rer le corps.","robots":{"index":"index","follow":"follow","max-snippet":"max-snippet:-1","max-image-preview":"max-image-preview:large","max-video-preview":"max-video-preview:-1"},"canonical":"https:\/\/acorpsdetoi.fr\/index.php\/qui-suis-je\/","og_locale":"fr_FR","og_type":"article","og_title":"Qui suis-je ? -","og_description":"La\u00ebtitia, danseuse et praticienne en Mouvements et Danse Biodynamique dans le Nord-Is\u00e8re pour lib\u00e9rer le corps.","og_url":"https:\/\/acorpsdetoi.fr\/index.php\/qui-suis-je\/","article_modified_time":"2026-03-11T12:50:31+00:00","og_image":[{"width":585,"height":1080,"url":"https:\/\/acorpsdetoi.fr\/wp-content\/uploads\/2025\/10\/Laeti-solo.png","type":"image\/png"}],"twitter_card":"summary_large_image","twitter_misc":{"Dur\u00e9e de lecture estim\u00e9e":"3 minutes"},"schema":{"@context":"https:\/\/schema.org","@graph":[{"@type":"WebPage","@id":"https:\/\/acorpsdetoi.fr\/index.php\/qui-suis-je\/","url":"https:\/\/acorpsdetoi.fr\/index.php\/qui-suis-je\/","name":"Qui suis-je ? -","isPartOf":{"@id":"https:\/\/acorpsdetoi.fr\/#website"},"primaryImageOfPage":{"@id":"https:\/\/acorpsdetoi.fr\/index.php\/qui-suis-je\/#primaryimage"},"image":{"@id":"https:\/\/acorpsdetoi.fr\/index.php\/qui-suis-je\/#primaryimage"},"thumbnailUrl":"https:\/\/acorpsdetoi.fr\/wp-content\/uploads\/2025\/10\/Laeti-solo.png","datePublished":"2023-08-23T07:59:31+00:00","dateModified":"2026-03-11T12:50:31+00:00","description":"La\u00ebtitia, danseuse et praticienne en Mouvements et Danse Biodynamique dans le Nord-Is\u00e8re pour lib\u00e9rer le corps.","breadcrumb":{"@id":"https:\/\/acorpsdetoi.fr\/index.php\/qui-suis-je\/#breadcrumb"},"inLanguage":"fr-FR","potentialAction":[{"@type":"ReadAction","target":["https:\/\/acorpsdetoi.fr\/index.php\/qui-suis-je\/"]}]},{"@type":"ImageObject","inLanguage":"fr-FR","@id":"https:\/\/acorpsdetoi.fr\/index.php\/qui-suis-je\/#primaryimage","url":"https:\/\/acorpsdetoi.fr\/wp-content\/uploads\/2025\/10\/Laeti-solo.png","contentUrl":"https:\/\/acorpsdetoi.fr\/wp-content\/uploads\/2025\/10\/Laeti-solo.png","width":585,"height":1080,"caption":"\u00c0 Corps de Toi, laetitia baudry, massage, bien-etre, danse biodynamique, valencin, st just chaleyssin, lyon, vienne, bourgoin, l'isle d'abeau"},{"@type":"BreadcrumbList","@id":"https:\/\/acorpsdetoi.fr\/index.php\/qui-suis-je\/#breadcrumb","itemListElement":[{"@type":"ListItem","position":1,"name":"Accueil","item":"https:\/\/acorpsdetoi.fr\/"},{"@type":"ListItem","position":2,"name":"Qui suis-je ?"}]},{"@type":"WebSite","@id":"https:\/\/acorpsdetoi.fr\/#website","url":"https:\/\/acorpsdetoi.fr\/","name":"\u00c0 Corps de Toi","description":"","publisher":{"@id":"https:\/\/acorpsdetoi.fr\/#organization"},"potentialAction":[{"@type":"SearchAction","target":{"@type":"EntryPoint","urlTemplate":"https:\/\/acorpsdetoi.fr\/?s={search_term_string}"},"query-input":{"@type":"PropertyValueSpecification","valueRequired":true,"valueName":"search_term_string"}}],"inLanguage":"fr-FR"},{"@type":"Organization","@id":"https:\/\/acorpsdetoi.fr\/#organization","name":"\u00c0 Corps de Toi","url":"https:\/\/acorpsdetoi.fr\/","logo":{"@type":"ImageObject","inLanguage":"fr-FR","@id":"https:\/\/acorpsdetoi.fr\/#\/schema\/logo\/image\/","url":"https:\/\/acorpsdetoi.fr\/wp-content\/uploads\/2024\/08\/cropped-Logo-ACdT-noir.png","contentUrl":"https:\/\/acorpsdetoi.fr\/wp-content\/uploads\/2024\/08\/cropped-Logo-ACdT-noir.png","width":512,"height":512,"caption":"\u00c0 Corps de Toi"},"image":{"@id":"https:\/\/acorpsdetoi.fr\/#\/schema\/logo\/image\/"}}]}},"_links":{"self":[{"href":"https:\/\/acorpsdetoi.fr\/index.php\/wp-json\/wp\/v2\/pages\/2862","targetHints":{"allow":["GET"]}}],"collection":[{"href":"https:\/\/acorpsdetoi.fr\/index.php\/wp-json\/wp\/v2\/pages"}],"about":[{"href":"https:\/\/acorpsdetoi.fr\/index.php\/wp-json\/wp\/v2\/types\/page"}],"author":[{"embeddable":true,"href":"https:\/\/acorpsdetoi.fr\/index.php\/wp-json\/wp\/v2\/users\/1"}],"replies":[{"embeddable":true,"href":"https:\/\/acorpsdetoi.fr\/index.php\/wp-json\/wp\/v2\/comments?post=2862"}],"version-history":[{"count":78,"href":"https:\/\/acorpsdetoi.fr\/index.php\/wp-json\/wp\/v2\/pages\/2862\/revisions"}],"predecessor-version":[{"id":6009,"href":"https:\/\/acorpsdetoi.fr\/index.php\/wp-json\/wp\/v2\/pages\/2862\/revisions\/6009"}],"wp:attachment":[{"href":"https:\/\/acorpsdetoi.fr\/index.php\/wp-json\/wp\/v2\/media?parent=2862"}],"curies":[{"name":"wp","href":"https:\/\/api.w.org\/{rel}","templated":true}]}}